{"id":353,"date":"2015-04-13T12:18:56","date_gmt":"2015-04-13T10:18:56","guid":{"rendered":"http:\/\/informationskompetenz.de\/\/?page_id=353"},"modified":"2023-07-10T17:36:48","modified_gmt":"2023-07-10T15:36:48","slug":"netzwerk","status":"publish","type":"page","link":"https:\/\/www.informationskompetenz.de\/index.php\/regionen\/rheinland-pfalz-und-saarland\/netzwerk\/","title":{"rendered":"Das Netzwerk"},"content":{"rendered":"<p style=\"text-align: left;\"><strong>Beteiligte Bibliotheken und Ansprechpartner<br \/>\n<\/strong><br \/>\n<a href=\"https:\/\/www.umwelt-campus.de\/campus\/organisation\/verwaltung-service\/bibliothek\" target=\"_blank\" rel=\"noopener noreferrer\">Hochschulbibliothek Umwelt-Campus Birkenfeld<\/a><br \/>\nFrau <a href=\"mailto:d.susewind@umwelt-campus.de\">Diana Susewind<\/a> (Tel.: 06782\/17-1240)<br \/>\nHerr <a href=\"mailto:s.bagusche@umwelt-campus.de\">Dr. Stefan Bagusche<\/a> (Tel.: 06782\/17-2012)<\/p>\n<p style=\"text-align: left;\"><a href=\"https:\/\/www.hs-kl.de\/hochschule\/servicestellen\/bibliothek\/kontakt-oeffnungszeiten-kaiserslautern\" target=\"_blank\" rel=\"noopener noreferrer\">Hochschulbibliothek Kaiserslautern, Standort Kaiserslautern<\/a><br \/>\nFrau\u00a0<a class=\"mail\" title=\"Opens window for sending email\" href=\"mailto:judith.heil@fh-kl.de\">Judith Heil<\/a> (Tel.: 0631\/3724-2131)<\/p>\n<p style=\"text-align: left;\"><a href=\"https:\/\/ub.rptu.de\/home\/\" target=\"_blank\" rel=\"noopener noreferrer\">Universit\u00e4tsbibliothek der RPTU Kaiserslautern-Landau<\/a><br \/>\nFrau <a href=\"mailto:f.knoche@rptu.de\">Franka Knoche<\/a> (Tel.: 0631\/205-2249)<br \/>\nFrau <a href=\"mailto:iris.haffner@rptu.de\">Iris Haffner<\/a> (Tel.: 0631\/205-2367)<br \/>\nFrau <a class=\"mail\" title=\"Opens window for sending email\" href=\"mailto:r.nordmann@rptu.de\">Romy Nordmann<\/a> (Tel.: 06341\/280-31613)<\/p>\n<p style=\"text-align: left;\"><a href=\"http:\/\/www.hs-koblenz.de\/rmc\/bibliothek\/bibliothek-koblenz\/\" target=\"_blank\" rel=\"noopener noreferrer\">Hochschule Koblenz, Bibliothek am RheinMoselCampus<\/a><br \/>\nFrau <a class=\"mail\" title=\"Opens window for sending email\" href=\"mailto:ritter@hs-koblenz.de\">Claudia Ritter<\/a> (Tel: 0261\/9528271)<br \/>\nFrau <a href=\"mailto:akmallma@hs-koblenz.de\">Ann-Kathrin Nick<\/a> (Tel.: 0261\/9528274)<\/p>\n<p style=\"text-align: left;\"><a href=\"https:\/\/lbz.rlp.de\/de\/ueber-uns\/standorte\/rheinische-landesbibliothek\/\" target=\"_blank\" rel=\"noopener noreferrer\">Landesbibliothekszentrum \/ Rheinische Landesbibliothek Koblenz<\/a><br \/>\nFrau <a href=\"mailto:bott@lbz-rlp.de\">Lisa Bott<\/a> (Tel.: 0261\/91500-401 oder -493)<\/p>\n<p style=\"text-align: left;\"><a href=\"http:\/\/www.uni-koblenz-landau.de\/de\/bibliothek\/lernorte\/lernort-koblenz\" target=\"_blank\" rel=\"noopener noreferrer\">Universit\u00e4tsbibliothek Koblenz<\/a>,<br \/>\nFrau <a href=\"mailto:akraemer@uni-koblenz.de\">Astrid Kr\u00e4mer<\/a> (Tel.: 0261\/287-1413)<\/p>\n<p style=\"text-align: left;\"><a href=\"https:\/\/bib.hwg-lu.de\/\" target=\"_blank\" rel=\"noopener noreferrer\">Hochschulbibliothek Ludwigshafen<\/a><br \/>\nHerr <a href=\"mailto:torsten.hass@hwg-lu.de\">Torsten Ha\u00df<\/a> (Tel. 0621\/5203-140)<\/p>\n<p style=\"text-align: left;\"><a href=\"https:\/\/www.hs-mainz.de\/studium\/services\/fachbereichsuebergreifend\/bibliothek\/\" target=\"_blank\" rel=\"noopener noreferrer\">Hochschulbibliothek Mainz<\/a><\/p>\n<p style=\"text-align: left;\"><a href=\"http:\/\/www.mainz.de\/microsite\/bibliotheken\/rubrik4\/wissenschaftliche-stadtbibliothek.php\" target=\"_blank\" rel=\"noopener noreferrer\">Wissenschaftliche Stadtbibliothek Mainz<\/a><br \/>\nFrau <a class=\"mail\" href=\"mailto:iris.hartmann@stadt.mainz.de\">Iris Hartmann<\/a> (Tel.: 06131\/122653)<br \/>\nHerr <a class=\"mail\" href=\"mailto:martin.steinmetz@stadt.mainz.de\">Martin Steinmetz<\/a> (Tel.: 06131\/122651)<\/p>\n<p style=\"text-align: left;\"><a href=\"http:\/\/www.ub.uni-mainz.de\/\" target=\"_blank\" rel=\"noopener noreferrer\">Universit\u00e4tsbibliothek Mainz<\/a><br \/>\nHerr <a href=\"mailto:A.Ahanda@ub.uni-mainz.de\">Albert Ahanda<\/a> (Tel.: 06131\/39-27062)<\/p>\n<p style=\"text-align: left;\"><a href=\"https:\/\/www.hs-kl.de\/hochschule\/servicestellen\/bibliothek\/kontakt-oeffnungszeiten-pirmasens\" target=\"_blank\" rel=\"noopener noreferrer\">Hochschulbibliothek Kaiserslautern, Standort Pirmasens<\/a><br \/>\nFrau <a class=\"mail\" title=\"Opens window for sending email\" href=\"mailto:marion.strasser@fh-kl.de\">Marion Stra\u00dfer <\/a>(Tel: 0631\/3724-5130)<\/p>\n<p><a href=\"https:\/\/www.hs-koblenz.de\/rac\/bibliothek\/bibliothek-remagen\">Hochschule Koblenz, Bibliothek am RheinAhrCampus Remagen<\/a><br \/>\nFrau <a href=\"mailto:sowa@hs-koblenz.de\">Lisa Sowa<\/a> (Tel.: 02642\/932-172)<\/p>\n<p style=\"text-align: left;\"><a href=\"http:\/\/www.sulb.uni-saarland.de\/\" target=\"_blank\" rel=\"noopener noreferrer\">Saarl\u00e4ndische Universit\u00e4ts- und Landesbibliothek Saarbr\u00fccken<\/a><br \/>\nFrau <a href=\"mailto:c.hohnschopp@sulb.uni-saarland.de\">Dr. Christine Hohnschopp<\/a> (Tel.: 0681\/302-2073)<br \/>\nFrau <a class=\"mail\" href=\"mailto:j.krekeler@sulb.uni-saarland.de\">Jutta Krekeler<\/a> (Tel.: 0681\/302-4645)<\/p>\n<p style=\"text-align: left;\"><a href=\"https:\/\/lbz.rlp.de\/de\/ueber-uns\/standorte\/pfaelzische-landesbibliothek\/\" target=\"_blank\" rel=\"noopener noreferrer\">Landesbibliothekszentrum \/ Pf\u00e4lzische Landesbibliothek Speyer<\/a><br \/>\nHerr <a href=\"mailto:fromme@lbz-rlp.de\">Dr. Daniel Fromme<\/a> (Tel.: 06232\/9006-247)<\/p>\n<p style=\"text-align: left;\"><a href=\"https:\/\/www.hochschule-trier.de\/hauptcampus\/bibliothek\" target=\"_blank\" rel=\"noopener noreferrer\">Hochschule Trier &#8211; Standort Trier &#8211; Bibliothek<\/a><br \/>\nFrau\u00a0<a href=\"mailto:A.Schmeier@bib.hochschule-trier.de\">Anke Schmeier<\/a> (Tel.: 0651\/8103-367)<\/p>\n<p style=\"text-align: left;\"><a href=\"https:\/\/www.stadtbibliothek-weberbach.de\/wissenschaftliche-bibliothek\/\" target=\"_blank\" rel=\"noopener noreferrer\">Wissenschaftliche Stadtbibliothek Trier<\/a><\/p>\n<p style=\"text-align: left;\"><a href=\"https:\/\/www.uni-trier.de\/index.php?id=678\" target=\"_blank\" rel=\"noopener noreferrer\">Universit\u00e4tsbibliothek Trier<\/a><br \/>\nFrau <a class=\"mail\" href=\"mailto:kloepfel@uni-trier.de\">Tanja Kl\u00f6pfel<\/a> (Tel.: 0651\/201-2459)<\/p>\n<p style=\"text-align: left;\"><a href=\"https:\/\/www.whu.edu\/fakultaet-forschung\/bibliothek\/\" target=\"_blank\" rel=\"noopener noreferrer\">WHU \u2013 Otto Beisheim School of Management \u2013 Campus Vallendar \u2013 Bibliothek<br \/>\n<\/a><\/p>\n<p style=\"text-align: left;\"><a href=\"http:\/\/www.hs-worms.de\/hochschule\/organisationsbereiche\/zentrale-einrichtungen\/bibliothek\/\" target=\"_blank\" rel=\"noopener noreferrer\">Hochschulbibliothek Worms<br \/>\n<\/a>Herr <a href=\"mailto:sabel@hs-worms.de\">Stephan Sabel<\/a>\u00a0(Tel.: 06241\/509-441)<\/p>\n<p style=\"text-align: left;\"><a href=\"https:\/\/www.hs-kl.de\/hochschule\/servicestellen\/bibliothek\/kontakt-oeffnungszeiten-zweibruecken\" target=\"_blank\" rel=\"noopener noreferrer\">Hochschulbibliothek Kaiserslautern, Standort Zweibr\u00fccken<br \/>\n<\/a>Herr <a href=\"mailto:andreas.koschela@hs-kl.de\">Andreas Koschela<\/a> (Tel.: 0631\/3724-5133)<\/p>\n","protected":false},"excerpt":{"rendered":"<p>Beteiligte Bibliotheken und Ansprechpartner Hochschulbibliothek Umwelt-Campus Birkenfeld Frau Diana Susewind (Tel.: 06782\/17-1240) Herr Dr. Stefan Bagusche (Tel.: 06782\/17-2012) Hochschulbibliothek Kaiserslautern, Standort Kaiserslautern Frau\u00a0Judith Heil (Tel.: 0631\/3724-2131) Universit\u00e4tsbibliothek der RPTU Kaiserslautern-Landau [&hellip;]<\/p>\n","protected":false},"author":2,"featured_media":0,"parent":257,"menu_order":3,"comment_status":"closed","ping_status":"closed","template":"","meta":{"footnotes":""},"class_list":["post-353","page","type-page","status-publish","hentry"],"_links":{"self":[{"href":"https:\/\/www.informationskompetenz.de\/index.php\/wp-json\/wp\/v2\/pages\/353","targetHints":{"allow":["GET"]}}],"collection":[{"href":"https:\/\/www.informationskompetenz.de\/index.php\/wp-json\/wp\/v2\/pages"}],"about":[{"href":"https:\/\/www.informationskompetenz.de\/index.php\/wp-json\/wp\/v2\/types\/page"}],"author":[{"embeddable":true,"href":"https:\/\/www.informationskompetenz.de\/index.php\/wp-json\/wp\/v2\/users\/2"}],"replies":[{"embeddable":true,"href":"https:\/\/www.informationskompetenz.de\/index.php\/wp-json\/wp\/v2\/comments?post=353"}],"version-history":[{"count":47,"href":"https:\/\/www.informationskompetenz.de\/index.php\/wp-json\/wp\/v2\/pages\/353\/revisions"}],"predecessor-version":[{"id":5089,"href":"https:\/\/www.informationskompetenz.de\/index.php\/wp-json\/wp\/v2\/pages\/353\/revisions\/5089"}],"up":[{"embeddable":true,"href":"https:\/\/www.informationskompetenz.de\/index.php\/wp-json\/wp\/v2\/pages\/257"}],"wp:attachment":[{"href":"https:\/\/www.informationskompetenz.de\/index.php\/wp-json\/wp\/v2\/media?parent=353"}],"curies":[{"name":"wp","href":"https:\/\/api.w.org\/{rel}","templated":true}]}}