{"id":3793,"date":"2018-05-22T12:55:24","date_gmt":"2018-05-22T10:55:24","guid":{"rendered":"http:\/\/www.informationskompetenz.de\/?page_id=3793"},"modified":"2026-02-09T00:06:40","modified_gmt":"2026-02-08T23:06:40","slug":"informationskompetenz-tag-deutschland-oesterreich-schweiz","status":"publish","type":"page","link":"https:\/\/www.informationskompetenz.de\/index.php\/kommission-informationskompetenz\/termine-veranstaltungen\/informationskompetenz-tag-deutschland-oesterreich-schweiz\/","title":{"rendered":"2. Informationskompetenz-Tag Deutschland\/\u00d6sterreich\/Schweiz"},"content":{"rendered":"<p>Die Kommission Informationskompetenz des DBV und des VDB, die Kommission Informationskompetenz der V\u00d6B und die Arbeitsgruppe Informationskompetenz an Schweizer Hochschulen laden ein zum<\/p>\n<p><strong><br \/>\n2. Informationskompetenz-Tag Deutschland\/\u00d6sterreich\/Schweiz<br \/>\nam 13.\/14.09.2018<br \/>\nan der Universit\u00e4tsbibliothek Bamberg<\/strong><\/p>\n<p>Der Informationskompetenz-Tag bietet Expertinnen und Experten aus Bibliotheken eine Plattform, um neue, innovative und kontroverse Ideen, Aktivit\u00e4ten und Projekte zur F\u00f6rderung von Informationskompetenz zu pr\u00e4sentieren und zu diskutieren. M\u00f6gliche Themen sind z.B. der Einsatz von E-Learning, Assessment-Verfahren, innovative didaktische Methoden oder organisatorische und konzeptionelle Rahmenbedingungen. Im Mittelpunkt steht der Austausch, daher besteht die Tagung neben (eingeladenen) Keynotes und Vortr\u00e4gen vor allem aus Workshops, einer Postersession und einer Unkonferenz.<\/p>\n<p>Workshops: In Workshops werden in 90 Minuten aktuelle Themen in kleineren Gruppen diskutiert und vertieft bearbeitet.<\/p>\n<p>Poster: Die Postersession wird als eigener Programmpunkt abgehalten und bietet die M\u00f6glichkeit, \u00fcber die pr\u00e4sentierten Inhalte mit den Kolleginnen und Kollegen ins Gespr\u00e4ch zu kommen.<\/p>\n<p>Unkonferenz: Bitte bereiten Sie Themenvorschl\u00e4ge f\u00fcr eine Session vor. Sie k\u00f6nnen zu Themen, die Sie interessieren, Informationen anbieten, oder Inhalte vorschlagen, f\u00fcr die Sie Hilfe bei der Umsetzung bzw. eine L\u00f6sung suchen. Die Teilnehmenden entscheiden, welche Sessions sie besuchen.<\/p>\n<p>Wir freuen uns auf Ihre aktive Teilnahme! Die Online-Anmeldung ist ab sofort m\u00f6glich.<\/p>\n<p>F\u00fcr weitere Ausk\u00fcnfte k\u00f6nnen Sie sich gerne an Fabian Franke, Gary Seitz oder Michaela Zemanek wenden: ik-tag2018.ub@uni-bamberg.de.<\/p>\n<p>&#8212;<\/p>\n<p>Weitere Informationen:<\/p>\n<ul>\n<li><a href=\"https:\/\/www.informationskompetenz.de\/index.php\/kommission-informationskompetenz\/termine-veranstaltungen\/informationskompetenz-tag-deutschland-oesterreich-schweiz\/programm\/\" target=\"_blank\" rel=\"noopener\">Programm<\/a><\/li>\n<li><a href=\"https:\/\/www.informationskompetenz.de\/wp-admin\/post.php?post=4009&amp;action=edit\" target=\"_blank\" rel=\"noopener\">Postersession<\/a><\/li>\n<li><a href=\"https:\/\/www.informationskompetenz.de\/index.php\/kommission-informationskompetenz\/termine-veranstaltungen\/informationskompetenz-tag-deutschland-oesterreich-schweiz\/rahmenprogramm\/\" target=\"_blank\" rel=\"noopener\">Rahmenprogramm<\/a><\/li>\n<li><a href=\"https:\/\/www.informationskompetenz.de\/index.php\/kommission-informationskompetenz\/termine-veranstaltungen\/informationskompetenz-tag-deutschland-oesterreich-schweiz\/kurzbiografien\/\" target=\"_blank\" rel=\"noopener\">Kurzbiografien<\/a><\/li>\n<li><a href=\"https:\/\/www.informationskompetenz.de\/index.php\/kommission-informationskompetenz\/termine-veranstaltungen\/informationskompetenz-tag-deutschland-oesterreich-schweiz\/tagungsort\/\" target=\"_blank\" rel=\"noopener\">Tagungsort<\/a><\/li>\n<li><a href=\"https:\/\/www.informationskompetenz.de\/index.php\/kommission-informationskompetenz\/termine-veranstaltungen\/informationskompetenz-tag-deutschland-oesterreich-schweiz\/anmeldung\/\" target=\"_blank\" rel=\"noopener\">Anmeldung<\/a><\/li>\n<li><a href=\"https:\/\/www.informationskompetenz.de\/index.php\/kommission-informationskompetenz\/termine-veranstaltungen\/informationskompetenz-tag-deutschland-oesterreich-schweiz\/foto-der-teilnehmerinnen-und-teilnehmer\/\" target=\"_blank\" rel=\"noopener\">Foto der Teilnehmerinnen und Teilnehmer<\/a><\/li>\n<\/ul>\n","protected":false},"excerpt":{"rendered":"<p>Die Kommission Informationskompetenz des DBV und des VDB, die Kommission Informationskompetenz der V\u00d6B und die Arbeitsgruppe Informationskompetenz an Schweizer Hochschulen laden ein zum 2. Informationskompetenz-Tag Deutschland\/\u00d6sterreich\/Schweiz am 13.\/14.09.2018 an der [&hellip;]<\/p>\n","protected":false},"author":23,"featured_media":0,"parent":2045,"menu_order":0,"comment_status":"closed","ping_status":"closed","template":"","meta":{"footnotes":""},"class_list":["post-3793","page","type-page","status-publish","hentry"],"_links":{"self":[{"href":"https:\/\/www.informationskompetenz.de\/index.php\/wp-json\/wp\/v2\/pages\/3793","targetHints":{"allow":["GET"]}}],"collection":[{"href":"https:\/\/www.informationskompetenz.de\/index.php\/wp-json\/wp\/v2\/pages"}],"about":[{"href":"https:\/\/www.informationskompetenz.de\/index.php\/wp-json\/wp\/v2\/types\/page"}],"author":[{"embeddable":true,"href":"https:\/\/www.informationskompetenz.de\/index.php\/wp-json\/wp\/v2\/users\/23"}],"replies":[{"embeddable":true,"href":"https:\/\/www.informationskompetenz.de\/index.php\/wp-json\/wp\/v2\/comments?post=3793"}],"version-history":[{"count":13,"href":"https:\/\/www.informationskompetenz.de\/index.php\/wp-json\/wp\/v2\/pages\/3793\/revisions"}],"predecessor-version":[{"id":5512,"href":"https:\/\/www.informationskompetenz.de\/index.php\/wp-json\/wp\/v2\/pages\/3793\/revisions\/5512"}],"up":[{"embeddable":true,"href":"https:\/\/www.informationskompetenz.de\/index.php\/wp-json\/wp\/v2\/pages\/2045"}],"wp:attachment":[{"href":"https:\/\/www.informationskompetenz.de\/index.php\/wp-json\/wp\/v2\/media?parent=3793"}],"curies":[{"name":"wp","href":"https:\/\/api.w.org\/{rel}","templated":true}]}}