{"id":3812,"date":"2018-05-22T14:46:17","date_gmt":"2018-05-22T12:46:17","guid":{"rendered":"http:\/\/www.informationskompetenz.de\/?page_id=3812"},"modified":"2018-07-24T15:27:34","modified_gmt":"2018-07-24T13:27:34","slug":"rahmenprogramm","status":"publish","type":"page","link":"https:\/\/www.informationskompetenz.de\/index.php\/kommission-informationskompetenz\/termine-veranstaltungen\/informationskompetenz-tag-deutschland-oesterreich-schweiz\/rahmenprogramm\/","title":{"rendered":"Rahmenprogramm"},"content":{"rendered":"<h3><span style=\"color: #000080;\">Get-together<\/span><\/h3>\n<p>Den Abschluss des ersten Tages bildet das Get-together, bei dem die Eindr\u00fccke des Tages vertieft und viele neue Kontakte gekn\u00fcpft werden k\u00f6nnen.<\/p>\n<p><strong>Termin<\/strong>:<br \/>\nDonnerstag, 13.09.2018, 19:30 Uhr<\/p>\n<p>Restaurant &#8222;Pl\u00fcckers&#8220; im Ziegelbau, Mu\u00dfstrasse 7<\/p>\n<p><span style=\"color: #800000;\">Bitte geben Sie bei Ihrer Anmeldung an, ob Sie am Get-together teilnehmen.<\/span><\/p>\n<h3><span style=\"color: #000080;\">F\u00fchrung durch die Universit\u00e4tsbibliothek<strong><br \/>\n<\/strong><\/span><\/h3>\n<p>Die Universit\u00e4t Bamberg lebt das Motto Studieren in der Stadt, d<span class=\"st\">as Welterbe ist ihr Campus, und so ist auch die Universit\u00e4tsbibliothek mit ihren sechs Teilbibliotheken gelebter Teil des Welterbes. Auf der Tour durch die Innenstadtbibliotheken stellen Bibliothekarinnen und Bibliothekare &#8222;Ihre&#8220; Bibliothek vor. Die R\u00e4umlichkeiten schlagen einen weiten Bogen von der Teilbibliothek 1, die mit ihrem 1791 vollendeten historischen Bibliothekssaal sichtbar die Kontinuit\u00e4t in der Bamberger Hochschultradition verk\u00f6rpert bis zur Rund-um-die Uhr-Teilbibliothek 4 in ihrem modernen Glasbau, der 2004 bezogen und 2017 um einen Erweiterungsbau erg\u00e4nzt wurde. Neben dem barocken Schlachthaus von 1742 liegt anstelle der ehemaligen Fleischverkaufshalle von 1863 der von 1984 bis 1987 in angepasster Bauweise errichtete Neubau der Teilbibliothek 5. Von der idyllischen Lage in der N\u00e4he des Alten Rathauses zu Beginn von Klein-Venedig profitieren vor allem die Nutzerinnen und Nutzer, die von ihren Arbeitspl\u00e4tzen den Blick auf den Bamberger Dom, die Neue Residenz und das Kloster Michelsberg genie\u00dfen k\u00f6nnen.\u00a0<\/span><\/p>\n<p><strong>Termin und Dauer<\/strong>:<br \/>\nFreitag, 14.09.2018 14:30 Uhr, Dauer ca. 1 Stunde<\/p>\n<p><strong>Treffpunkt:<br \/>\n<\/strong>Tagungsort<\/p>\n<p><span style=\"color: #800000;\">Bitte geben Sie bei Ihrer Anmeldung an, ob Sie an der F\u00fchrung durch die Universit\u00e4tsbibliothek teilnehmen.<\/span><\/p>\n<h3><span style=\"color: #000080;\">F\u00fchrungen durch die Weltkulturerbestadt Bamberg<strong><br \/>\n<\/strong><\/span><\/h3>\n<p>Die alte Kaiser- und Bischofsstadt Bamberg gilt als eine der sch\u00f6nsten St\u00e4dte Deutschlands. Als &#8222;tausendj\u00e4hriges Gesamtkunstwerk&#8220; wurde die <em>&#8222;Altstadt von Bamberg&#8220;<\/em> bereits 1993 von der UNESCO als Weltkulturerbe ausgezeichnet. Die hervorragend erhaltene und pr\u00e4chtig ausgestattete Altstadt umfasst die drei historischen Stadtbezirke Berg-, Insel- und G\u00e4rtnerstadt und repr\u00e4sentiert in einzigartiger Weise die auf fr\u00fchmittelalterlichen Grundstrukturen aufbauende mitteleurop\u00e4ische Stadt. Durch die Errichtung der Stadt auf sieben H\u00fcgeln (wie das antike Rom) ist der Begriff \u201eFr\u00e4nkisches Rom\u201c f\u00fcr Bamberg noch heute gel\u00e4ufig.<\/p>\n<p>Auf unterschiedlichen Wegen k\u00f6nnen Sie sich in den angebotenen Touren der Weltkulturerbestadt Bamberg n\u00e4hern.<\/p>\n<p><span style=\"color: #800000;\">Bitte geben Sie bei Ihrer Anmeldung an, an welchen F\u00fchrungen Sie teilnehmen und \u00fcberweisen Sie den zus\u00e4tzlichen Betrag mit Ihrer Tagungsgeb\u00fchr.<\/span><\/p>\n<h3><span style=\"color: #ff0000;\">Nachtw\u00e4chterrundgang<\/span><\/h3>\n<h4><span style=\"color: #ff0000;\">H\u00f6rt, ihr Leut &#8230;<\/span><\/h4>\n<p>&#8230; lautet der Titel des Rundgangs mit dem Nachtw\u00e4chter. Jahrhunderte zogen sie durch die Stadt, sorgten f\u00fcr Ruhe und Ordnung. Aus dem Schatz des Erlebten, den Geschichten und Geschichtchen, den Anekdoten und Sagen, dem Phantastischen und Unglaublichen, n\u00e4hrt sich diese F\u00fchrung. Sie f\u00fchrt tief in das Seelenleben des fr\u00e4nkischen Rom, auf Pfaden abseits durch verwunschene Gassen, \u00fcber verschwiegene Pl\u00e4tze. Da finden sich Bisch\u00f6fe und B\u00fcrger, Bauern und Bettler eintr\u00e4chtig vereint und lassen eine vergangene Welt wieder auferstehen.<\/p>\n<p><strong>F\u00fchrungsinhalte<\/strong>:<br \/>\nAusgesuchte Standorte im Altstadtbereich<\/p>\n<p><strong>Termin und Dauer<\/strong>:<br \/>\nMittwoch, 12.09.2018 19:00 Uhr, Dauer ca. 1,25 Stunden<\/p>\n<p><strong>Treffpunkt:<\/strong><br \/>\nTourist Information, Geyersw\u00f6rthstra\u00dfe 5<\/p>\n<p><strong>Preis:<\/strong><br \/>\n8.&#8211; Euro<\/p>\n<h3><span style=\"color: #ff0000;\">Bamberg \u2013 Fakt oder Fiktion?<\/span><\/h3>\n<p>Diese Stadtf\u00fchrung ist um spielerische Quizelemente angereichert. Dabei sind die Teilnehmer aktiv einbezogen und h\u00f6ren an verschiedenen Stationen jeweils zwei Versionen einer Geschichte. Am\u00fcsant und interessant sind beide, aber welche ist Fakt, und welche Fiktion?<\/p>\n<p><strong>F\u00fchrungsinhalte:<\/strong><br \/>\nStadtf\u00fchrung mit interaktiven Quizelementen<\/p>\n<p><strong>Termin und Dauer<\/strong>:<br \/>\nDonnerstag, 13.09.2018 17:30 Uhr, Dauer ca. 1,5 Stunden<\/p>\n<p><strong>Treffpunkt:<\/strong><br \/>\nDie G\u00e4stef\u00fchrer holen ihre Gruppen direkt am Tagungsort ab. Auf Wunsch kann die Tour direkt an der Location f\u00fcr das Get-together enden.<\/p>\n<p><strong>Preis:<\/strong><br \/>\n8.&#8211; Euro<\/p>\n<h3><span style=\"color: #ff0000;\">Erlebnisf\u00fchrung Bamberg Faszination Weltkulturerbe &#8211; Mit Innenbesichtigung des Doms<\/span><\/h3>\n<p>Bei einem ausgedehnten Rundgang erleben Sie, wie einmalig Bamberg ist. Im historischen Stadtensemble mit Dom, Kirchen und Kl\u00f6stern, mit Br\u00fccken, engen Gassen und Pl\u00e4tzen, mit Fachwerkh\u00e4usern und Barockfassaden sp\u00fcren Sie noch heute den Zauber der Vergangenheit.<\/p>\n<p><strong>F\u00fchrungsinhalte:<br \/>\n<\/strong>Neben den herausragenden Sehensw\u00fcrdigkeiten im historischen Stadtkern wie Dom, Alte Hofhaltung, Neue Residenz und Rosengarten, Altes Rathaus und \u201eKlein Venedig&#8220; werden &#8211; je nach F\u00fchrungsdauer &#8211; weitere historische Bauwerke und Kirchen von au\u00dfen besichtigt.<br \/>\nEine ca. 15-min\u00fctige Dominnenbesichtigung ist inklusive (kann jedoch nicht garantiert werden).<\/p>\n<p><strong>Termin und Dauer<\/strong>:<br \/>\nFreitag, 14.09.2018 14:30 Uhr, Dauer ca. 2 Stunden<\/p>\n<p><strong>Treffpunkt:<\/strong><br \/>\nDie G\u00e4stef\u00fchrer holen ihre Gruppen direkt am Tagungsort ab.<\/p>\n<p><strong>Preis:<\/strong><br \/>\n8.&#8211; Euro<\/p>\n<p>&nbsp;<\/p>\n<p>&nbsp;<\/p>\n","protected":false},"excerpt":{"rendered":"<p>Get-together Den Abschluss des ersten Tages bildet das Get-together, bei dem die Eindr\u00fccke des Tages vertieft und viele neue Kontakte gekn\u00fcpft werden k\u00f6nnen. Termin: Donnerstag, 13.09.2018, 19:30 Uhr Restaurant &#8222;Pl\u00fcckers&#8220; [&hellip;]<\/p>\n","protected":false},"author":23,"featured_media":0,"parent":3793,"menu_order":0,"comment_status":"closed","ping_status":"closed","template":"","meta":{"footnotes":""},"class_list":["post-3812","page","type-page","status-publish","hentry"],"_links":{"self":[{"href":"https:\/\/www.informationskompetenz.de\/index.php\/wp-json\/wp\/v2\/pages\/3812","targetHints":{"allow":["GET"]}}],"collection":[{"href":"https:\/\/www.informationskompetenz.de\/index.php\/wp-json\/wp\/v2\/pages"}],"about":[{"href":"https:\/\/www.informationskompetenz.de\/index.php\/wp-json\/wp\/v2\/types\/page"}],"author":[{"embeddable":true,"href":"https:\/\/www.informationskompetenz.de\/index.php\/wp-json\/wp\/v2\/users\/23"}],"replies":[{"embeddable":true,"href":"https:\/\/www.informationskompetenz.de\/index.php\/wp-json\/wp\/v2\/comments?post=3812"}],"version-history":[{"count":33,"href":"https:\/\/www.informationskompetenz.de\/index.php\/wp-json\/wp\/v2\/pages\/3812\/revisions"}],"predecessor-version":[{"id":4066,"href":"https:\/\/www.informationskompetenz.de\/index.php\/wp-json\/wp\/v2\/pages\/3812\/revisions\/4066"}],"up":[{"embeddable":true,"href":"https:\/\/www.informationskompetenz.de\/index.php\/wp-json\/wp\/v2\/pages\/3793"}],"wp:attachment":[{"href":"https:\/\/www.informationskompetenz.de\/index.php\/wp-json\/wp\/v2\/media?parent=3812"}],"curies":[{"name":"wp","href":"https:\/\/api.w.org\/{rel}","templated":true}]}}